{"id":658,"date":"2026-04-03T17:24:38","date_gmt":"2026-04-03T17:24:38","guid":{"rendered":"https:\/\/andrea-hadorn.ch\/?page_id=658"},"modified":"2026-04-04T09:11:56","modified_gmt":"2026-04-04T09:11:56","slug":"ueber-mich-2","status":"publish","type":"page","link":"https:\/\/andrea-hadorn.ch\/?page_id=658","title":{"rendered":"\u00dcber mich"},"content":{"rendered":"\n<div class=\"wp-block-media-text is-stacked-on-mobile\" style=\"grid-template-columns:42% auto\"><figure class=\"wp-block-media-text__media\"><img data-recalc-dims=\"1\" loading=\"lazy\" decoding=\"async\" width=\"950\" height=\"760\" src=\"https:\/\/i0.wp.com\/andrea-hadorn.ch\/wp-content\/uploads\/2026\/04\/Beitragsportrait_Startseite.jpg?resize=950%2C760&#038;ssl=1\" alt=\"\" class=\"wp-image-623 size-full\" srcset=\"https:\/\/i0.wp.com\/andrea-hadorn.ch\/wp-content\/uploads\/2026\/04\/Beitragsportrait_Startseite-scaled.jpg?resize=1024%2C819&amp;ssl=1 1024w, https:\/\/i0.wp.com\/andrea-hadorn.ch\/wp-content\/uploads\/2026\/04\/Beitragsportrait_Startseite-scaled.jpg?resize=300%2C240&amp;ssl=1 300w, https:\/\/i0.wp.com\/andrea-hadorn.ch\/wp-content\/uploads\/2026\/04\/Beitragsportrait_Startseite-scaled.jpg?resize=2000%2C1600&amp;ssl=1 2000w, https:\/\/i0.wp.com\/andrea-hadorn.ch\/wp-content\/uploads\/2026\/04\/Beitragsportrait_Startseite-scaled.jpg?w=1900&amp;ssl=1 1900w\" sizes=\"auto, (max-width: 950px) 100vw, 950px\" \/><\/figure><div class=\"wp-block-media-text__content\">\n<h2 class=\"wp-block-heading\">F\u00fcr gesunde und verl\u00e4ssliche Schulen<\/h2>\n\n\n\n<p class=\"wp-block-paragraph\">Ich kandidiere f\u00fcr das Schulpr\u00e4sidium in Gossau, weil ich die Schule seit vielen Jahren aus n\u00e4chster N\u00e4he kenne und aktiv mitgestalte.<\/p>\n\n\n\n<p class=\"wp-block-paragraph\">Seit 16 Jahren engagiere ich mich als Schulpflegerin und arbeite eng mit Schulleitenden, Lehrpersonen, Eltern und Verwaltung zusammen. Ich kenne die Herausforderungen im Schulalltag \u2013 und weiss, wie wichtig verl\u00e4ssliche Strukturen und eine gute Zusammenarbeit sind.<\/p>\n<\/div><\/div>\n\n\n\n<p class=\"wp-block-paragraph\"><\/p>\n\n\n\n<p class=\"wp-block-paragraph\">Mein beruflicher Hintergrund verbindet P\u00e4dagogik, Psychologie und praktische Erfahrung in der Arbeit mit Menschen. Als Coachin, in der Jugendberatung sowie in der Betreuung und Begleitung von Kindern und Jugendlichen habe ich gelernt, unterschiedliche Perspektiven einzubeziehen und tragf\u00e4hige L\u00f6sungen zu entwickeln.<\/p>\n\n\n\n<p class=\"wp-block-paragraph\">Zudem habe ich in Gossau eine Ferienbetreuung mit aufgebaut und mich mit Fragen der Lern- und Arbeitsumgebung in Schulen besch\u00e4ftigt. Diese Erfahrungen fliessen in mein Engagement f\u00fcr eine Schule ein, die im Alltag funktioniert und sich sinnvoll weiterentwickelt.<\/p>\n\n\n\n<p class=\"wp-block-paragraph\">Ich bin \u00fcberzeugt: Eine gute Schule entsteht dort, wo Verantwortung \u00fcbernommen wird, Zusammenarbeit gelingt und das Wohl der Kinder im Zentrum steht.<\/p>\n\n\n\n<p class=\"wp-block-paragraph\"><\/p>\n\n\n\n<hr class=\"wp-block-separator has-alpha-channel-opacity\"\/>\n\n\n\n<h2 class=\"wp-block-heading\"><strong>Erfahrung in der Schule<\/strong><\/h2>\n\n\n\n<p class=\"wp-block-paragraph\">Seit 16 Jahren bin ich Teil der Schulpflege in Gossau, aktuell mit Schwerpunkt auf Sch\u00fclerbelange. Diese T\u00e4tigkeit gibt mir einen vertieften Einblick in die Abl\u00e4ufe der Schule und die Zusammenarbeit zwischen Lehrpersonen, Eltern und Beh\u00f6rden.<\/p>\n\n\n\n<hr class=\"wp-block-separator has-alpha-channel-opacity\"\/>\n\n\n\n<h2 class=\"wp-block-heading\"><strong>Beruflicher Hintergrund<\/strong><\/h2>\n\n\n\n<p class=\"wp-block-paragraph\">\u2013 Workshopleiterin im Bereich \u201eFrische Schulluft\u201c<br>\u2013 Selbst\u00e4ndige Coachin mit Fokus auf Pers\u00f6nlichkeitsentwicklung (bis 2024)<br>\u2013 Mitaufbau und Betrieb einer Ferienbetreuung in Gossau (bis 2022)<br>\u2013 Erfahrung in der Jugendberatung und -betreuung<br>\u2013 T\u00e4tigkeit im Gesundheitsbereich als Forschungsmitarbeiterin<\/p>\n\n\n\n<hr class=\"wp-block-separator has-alpha-channel-opacity\"\/>\n\n\n\n<h2 class=\"wp-block-heading\"><strong>Ausbildung &amp; Qualifikationen<\/strong><\/h2>\n\n\n\n<p class=\"wp-block-paragraph\">\u2013 Psychologische Erziehungswissenschaftlerin (lic. phil., MSc)<br>\u2013 Zertifizierte Coach IPSIS (R)<br>\u2013 Kursleiterin SVEB 1 (Erwachsenenbildung)<\/p>\n\n\n\n<hr class=\"wp-block-separator has-alpha-channel-opacity\"\/>\n\n\n\n<h2 class=\"wp-block-heading\"><strong>Engagement<\/strong><\/h2>\n\n\n\n<p class=\"wp-block-paragraph\">\u2013 Pr\u00e4sidentin Politisches Frauenpodium Gossau<br>\u2013 Co-Pr\u00e4sidentin der Gr\u00fcnen im Bezirk Hinwil<br>\u2013 Engagement in lokalen und gesellschaftlichen Organisationen<\/p>\n\n\n\n<hr class=\"wp-block-separator has-alpha-channel-opacity\"\/>\n\n\n\n<h2 class=\"wp-block-heading\"><strong>Pers\u00f6nliches<\/strong><\/h2>\n\n\n\n<p class=\"wp-block-paragraph\">Ich bin verheiratet und habe ein erwachsenes Kind. In meiner Freizeit lese ich gerne, fotografiere und bin sportlich aktiv. Kunst und Musik sind f\u00fcr mich wichtige Ausgleichsbereiche.<\/p>\n\n\n\n<p class=\"wp-block-paragraph\"><\/p>\n","protected":false},"excerpt":{"rendered":"<p>F\u00fcr gesunde und verl\u00e4ssliche Schulen Ich kandidiere f\u00fcr das Schulpr\u00e4sidium in Gossau, weil ich die Schule seit vielen Jahren aus n\u00e4chster N\u00e4he kenne und aktiv mitgestalte. Seit 16 Jahren engagiere ich mich als Schulpflegerin und arbeite eng mit Schulleitenden, Lehrpersonen, Eltern und Verwaltung zusammen. Ich kenne die Herausforderungen im Schulalltag \u2013 und weiss, wie wichtig &hellip; <\/p>\n<p class=\"link-more\"><a href=\"https:\/\/andrea-hadorn.ch\/?page_id=658\" class=\"more-link\">Mehr <span class=\"screen-reader-text\">\u00fcber &#8222;\u00dcber mich&#8220; <\/span>Lesen<\/a><\/p>\n","protected":false},"author":1,"featured_media":0,"parent":0,"menu_order":0,"comment_status":"closed","ping_status":"closed","template":"","meta":{"inspiro_hide_title":false,"footnotes":""},"class_list":["post-658","page","type-page","status-publish","hentry"],"jetpack-related-posts":[{"id":559,"url":"https:\/\/andrea-hadorn.ch\/","url_meta":{"origin":658,"position":0},"title":"Die Stimmen sind ausgez\u00e4hlt. Ich\u2026","author":"admin","date":"April 2, 2026","format":false,"excerpt":"Die Stimmen sind ausgez\u00e4hlt. Ich wurde im zweiten Wahlgang nicht zur Schulpr\u00e4sidentin gew\u00e4hlt. 1221 Stimmen gingen an mich, herzlichen Dank daf\u00fcr!! Der neuen Schulpr\u00e4sidentin habe ich bereits telefonisch gratuliert. Mir bleibt der Einsatz f\u00fcr die Strategien der Schule als Expertin in zahlreichen, die Schule betreffenden Themen wichtig. Die Schulpflege und\u2026","rel":"","context":"\u00c4hnlicher Beitrag","block_context":{"text":"\u00c4hnlicher Beitrag","link":""},"img":{"alt_text":"","src":"https:\/\/i0.wp.com\/andrea-hadorn.ch\/wp-content\/uploads\/2026\/06\/Danke-fuer-1221-Stimmen.png?resize=350%2C200&ssl=1","width":350,"height":200},"classes":[]},{"id":562,"url":"https:\/\/andrea-hadorn.ch\/?page_id=562","url_meta":{"origin":658,"position":1},"title":"Gesunde Lernumgebung","author":"admin","date":"April 2, 2026","format":false,"excerpt":"Kinder sollen in der Schule gut lernen k\u00f6nnen. Dazu geh\u00f6rt nicht nur guter Unterricht, sondern auch eine Umgebung, in der sie sich wohlf\u00fchlen und gesund bleiben. Eine gesunde Schule ist die Grundlage f\u00fcr erfolgreiches Lernen. Warum das wichtig ist Wenn viele Kinder oder Lehrpersonen krank sind, hat das direkte Folgen:\u2013\u2026","rel":"","context":"\u00c4hnlicher Beitrag","block_context":{"text":"\u00c4hnlicher Beitrag","link":""},"img":{"alt_text":"","src":"","width":0,"height":0},"classes":[]},{"id":600,"url":"https:\/\/andrea-hadorn.ch\/?page_id=600","url_meta":{"origin":658,"position":2},"title":"Verl\u00e4ssliche Schule","author":"admin","date":"April 2, 2026","format":false,"excerpt":"Schule ist ein zentraler Teil des Familienalltags. Eltern m\u00fcssen sich darauf verlassen k\u00f6nnen, dass Betreuung, Unterricht und Abl\u00e4ufe funktionieren. Verl\u00e4sslichkeit schafft Vertrauen \u2013 und entlastet Familien im Alltag. Warum das wichtig ist Wenn Strukturen nicht zuverl\u00e4ssig sind, hat das direkte Auswirkungen:\u2013 Eltern m\u00fcssen kurzfristig umplanen\u2013 Kinder erleben Unsicherheit\u2013 der Alltag\u2026","rel":"","context":"\u00c4hnlicher Beitrag","block_context":{"text":"\u00c4hnlicher Beitrag","link":""},"img":{"alt_text":"","src":"","width":0,"height":0},"classes":[]},{"id":603,"url":"https:\/\/andrea-hadorn.ch\/?page_id=603","url_meta":{"origin":658,"position":3},"title":"Gute Bedingungen f\u00fcr Lehrpersonen","author":"admin","date":"April 2, 2026","format":false,"excerpt":"Gute Schulen brauchen engagierte Lehrpersonen. Sie leisten t\u00e4glich viel \u2013 im Unterricht, in der Zusammenarbeit und in der Begleitung der Kinder. Damit sie diese Aufgabe gut erf\u00fcllen k\u00f6nnen, brauchen sie passende Rahmenbedingungen. Warum das wichtig ist Wenn Lehrpersonen \u00fcberlastet sind, hat das direkte Folgen:\u2013 weniger Zeit f\u00fcr die einzelnen Kinder\u2013\u2026","rel":"","context":"\u00c4hnlicher Beitrag","block_context":{"text":"\u00c4hnlicher Beitrag","link":""},"img":{"alt_text":"","src":"","width":0,"height":0},"classes":[]}],"jetpack_sharing_enabled":true,"_links":{"self":[{"href":"https:\/\/andrea-hadorn.ch\/index.php?rest_route=\/wp\/v2\/pages\/658","targetHints":{"allow":["GET"]}}],"collection":[{"href":"https:\/\/andrea-hadorn.ch\/index.php?rest_route=\/wp\/v2\/pages"}],"about":[{"href":"https:\/\/andrea-hadorn.ch\/index.php?rest_route=\/wp\/v2\/types\/page"}],"author":[{"embeddable":true,"href":"https:\/\/andrea-hadorn.ch\/index.php?rest_route=\/wp\/v2\/users\/1"}],"replies":[{"embeddable":true,"href":"https:\/\/andrea-hadorn.ch\/index.php?rest_route=%2Fwp%2Fv2%2Fcomments&post=658"}],"version-history":[{"count":10,"href":"https:\/\/andrea-hadorn.ch\/index.php?rest_route=\/wp\/v2\/pages\/658\/revisions"}],"predecessor-version":[{"id":749,"href":"https:\/\/andrea-hadorn.ch\/index.php?rest_route=\/wp\/v2\/pages\/658\/revisions\/749"}],"wp:attachment":[{"href":"https:\/\/andrea-hadorn.ch\/index.php?rest_route=%2Fwp%2Fv2%2Fmedia&parent=658"}],"curies":[{"name":"wp","href":"https:\/\/api.w.org\/{rel}","templated":true}]}}