{"id":559,"date":"2026-04-02T17:22:41","date_gmt":"2026-04-02T17:22:41","guid":{"rendered":"https:\/\/andrea-hadorn.ch\/?page_id=559"},"modified":"2026-06-14T17:02:45","modified_gmt":"2026-06-14T17:02:45","slug":"fuer-gesunde-und-verlaessliche-schulen-in-gossau-und-wachten","status":"publish","type":"page","link":"https:\/\/andrea-hadorn.ch\/","title":{"rendered":""},"content":{"rendered":"\n<div class=\"wp-block-media-text is-stacked-on-mobile\"><figure class=\"wp-block-media-text__media\"><img data-recalc-dims=\"1\" loading=\"lazy\" decoding=\"async\" width=\"470\" height=\"582\" src=\"https:\/\/i0.wp.com\/andrea-hadorn.ch\/wp-content\/uploads\/2026\/06\/Danke-fuer-1221-Stimmen.png?resize=470%2C582&#038;ssl=1\" alt=\"\" class=\"wp-image-766 size-full\" srcset=\"https:\/\/i0.wp.com\/andrea-hadorn.ch\/wp-content\/uploads\/2026\/06\/Danke-fuer-1221-Stimmen.png?w=470&amp;ssl=1 470w, https:\/\/i0.wp.com\/andrea-hadorn.ch\/wp-content\/uploads\/2026\/06\/Danke-fuer-1221-Stimmen.png?resize=242%2C300&amp;ssl=1 242w\" sizes=\"auto, (max-width: 470px) 100vw, 470px\" \/><\/figure><div class=\"wp-block-media-text__content\">\n<p class=\"wp-block-paragraph\">Die Stimmen sind ausgez\u00e4hlt. Ich wurde im zweiten Wahlgang nicht zur Schulpr\u00e4sidentin gew\u00e4hlt. 1221 Stimmen gingen an mich, herzlichen Dank daf\u00fcr!! Der neuen Schulpr\u00e4sidentin habe ich bereits telefonisch gratuliert.<\/p>\n\n\n\n<p class=\"wp-block-paragraph\">Mir bleibt der Einsatz f\u00fcr die Strategien der Schule als Expertin in zahlreichen, die Schule betreffenden Themen wichtig. Die Schulpflege und Gemeinde kann auf mich z\u00e4hlen. Das Thematisieren der Gesundheit war mein wichtigstes Anliegen in der Wahlkampagne. Es ist ein Anfang. In der Zukunft wird das Thema noch sichtbarer werden.<\/p>\n\n\n\n<p class=\"wp-block-paragraph\">Es ist mir weiterhin ein Anliegen mit dem Politische Frauenpodium Gossau ZH, Frauen in der Gossauer Politik sichtbar zu machen.<\/p>\n\n\n\n<p class=\"wp-block-paragraph\">Andrea Hadorn-Stuker, Mitglied der Schulpflege<\/p>\n<\/div><\/div>\n\n\n\n<h2 class=\"wp-block-heading\">Damit Kinder gut lernen k\u00f6nnen &#8211; und der Schulalltag f\u00fcr Familien funktioniert.<\/h2>\n\n\n\n<p class=\"wp-block-paragraph\"><strong>Eine gute Schule ist mehr als Unterricht. Sie ist ein Ort, an dem Kinder lernen, sich entwickeln und gesund bleiben k\u00f6nnen. Und sie ist ein verl\u00e4sslicher Teil des Alltags f\u00fcr Familien und Lehrpersonen. <\/strong><\/p>\n\n\n\n<p class=\"wp-block-paragraph\"><strong>Ich bin Andrea Hadorn-Stuker, Schulpflegemitglied in Gossau und kandidiere als Schulpr\u00e4sidentin. Ich engagiere mich f\u00fcr eine Schule, die zusammenarbeitet &#8211; f\u00fcr Kinder, Eltern und Lehrpersonen. <\/strong><\/p>\n\n\n\n<p class=\"wp-block-paragraph\"><strong>Mit meiner Erfahrung und meinem Engagement will ich Verantwortung nach aussen \u00fcbernehmen. <\/strong><\/p>\n\n\n\n<div style=\"height:26px\" aria-hidden=\"true\" class=\"wp-block-spacer\"><\/div>\n\n\n\n<hr class=\"wp-block-separator has-alpha-channel-opacity\"\/>\n\n\n\n<h2 class=\"wp-block-heading\"><strong>Daf\u00fcr setze ich mich ein<\/strong>.<\/h2>\n\n\n\n<div class=\"wp-block-media-text is-stacked-on-mobile\" style=\"grid-template-columns:29% auto\"><figure class=\"wp-block-media-text__media\"><img data-recalc-dims=\"1\" loading=\"lazy\" decoding=\"async\" width=\"950\" height=\"635\" src=\"https:\/\/i0.wp.com\/andrea-hadorn.ch\/wp-content\/uploads\/2026\/04\/themenseiten-01.png?resize=950%2C635&#038;ssl=1\" alt=\"\" class=\"wp-image-753 size-full\" srcset=\"https:\/\/i0.wp.com\/andrea-hadorn.ch\/wp-content\/uploads\/2026\/04\/themenseiten-01.png?resize=1024%2C684&amp;ssl=1 1024w, https:\/\/i0.wp.com\/andrea-hadorn.ch\/wp-content\/uploads\/2026\/04\/themenseiten-01.png?resize=300%2C200&amp;ssl=1 300w, https:\/\/i0.wp.com\/andrea-hadorn.ch\/wp-content\/uploads\/2026\/04\/themenseiten-01.png?w=1417&amp;ssl=1 1417w\" sizes=\"auto, (max-width: 950px) 100vw, 950px\" \/><\/figure><div class=\"wp-block-media-text__content\">\n<h3 class=\"wp-block-heading\">Gesunde Lernumgebung<\/h3>\n\n\n\n<p class=\"wp-block-paragraph\"><strong>Kinder sollen in der Schule gut lernen k\u00f6nnen. Dazu geh\u00f6rt auch eine Lernumgebung, die ihre Gesundheit unterst\u00fctzt. Weniger Ausf\u00e4lle bedeuten mehr Stabilit\u00e4t im Unterricht.<\/strong><\/p>\n\n\n\n<div class=\"wp-block-buttons is-layout-flex wp-block-buttons-is-layout-flex\">\n<div class=\"wp-block-button\"><a class=\"wp-block-button__link wp-element-button\" href=\"https:\/\/andrea-hadorn.ch\/?page_id=562\">Gesunde Schule entdecken<\/a><\/div>\n<\/div>\n<\/div><\/div>\n\n\n\n<div style=\"height:65px\" aria-hidden=\"true\" class=\"wp-block-spacer\"><\/div>\n\n\n\n<div class=\"wp-block-media-text is-stacked-on-mobile\" style=\"grid-template-columns:29% auto\"><figure class=\"wp-block-media-text__media\"><img data-recalc-dims=\"1\" loading=\"lazy\" decoding=\"async\" width=\"950\" height=\"635\" src=\"https:\/\/i0.wp.com\/andrea-hadorn.ch\/wp-content\/uploads\/2026\/04\/themenseiten-02.png?resize=950%2C635&#038;ssl=1\" alt=\"\" class=\"wp-image-754 size-full\" srcset=\"https:\/\/i0.wp.com\/andrea-hadorn.ch\/wp-content\/uploads\/2026\/04\/themenseiten-02.png?resize=1024%2C684&amp;ssl=1 1024w, https:\/\/i0.wp.com\/andrea-hadorn.ch\/wp-content\/uploads\/2026\/04\/themenseiten-02.png?resize=300%2C200&amp;ssl=1 300w, https:\/\/i0.wp.com\/andrea-hadorn.ch\/wp-content\/uploads\/2026\/04\/themenseiten-02.png?w=1417&amp;ssl=1 1417w\" sizes=\"auto, (max-width: 950px) 100vw, 950px\" \/><\/figure><div class=\"wp-block-media-text__content\">\n<h3 class=\"wp-block-heading\">Verl\u00e4ssliche Schule f\u00fcr Familien<\/h3>\n\n\n\n<p class=\"wp-block-paragraph\"><strong>Familien verlassen sich auf die Schule. F\u00fcr die Tagesbetreuung zu Randzeiten und in Schulferien braucht es Konzepte, die auch mit wenigen Anmeldungen die Durchf\u00fchrung gew\u00e4hrleisten.<\/strong><\/p>\n\n\n\n<div class=\"wp-block-buttons is-layout-flex wp-block-buttons-is-layout-flex\">\n<div class=\"wp-block-button\"><a class=\"wp-block-button__link wp-element-button\" href=\"https:\/\/andrea-hadorn.ch\/?page_id=600\">Was Verl\u00e4sslichkeit bedeutet<\/a><\/div>\n<\/div>\n<\/div><\/div>\n\n\n\n<div style=\"height:65px\" aria-hidden=\"true\" class=\"wp-block-spacer\"><\/div>\n\n\n\n<div class=\"wp-block-media-text is-stacked-on-mobile\" style=\"grid-template-columns:29% auto\"><figure class=\"wp-block-media-text__media\"><img data-recalc-dims=\"1\" loading=\"lazy\" decoding=\"async\" width=\"950\" height=\"635\" src=\"https:\/\/i0.wp.com\/andrea-hadorn.ch\/wp-content\/uploads\/2026\/04\/themenseiten-03.png?resize=950%2C635&#038;ssl=1\" alt=\"\" class=\"wp-image-755 size-full\" srcset=\"https:\/\/i0.wp.com\/andrea-hadorn.ch\/wp-content\/uploads\/2026\/04\/themenseiten-03.png?resize=1024%2C684&amp;ssl=1 1024w, https:\/\/i0.wp.com\/andrea-hadorn.ch\/wp-content\/uploads\/2026\/04\/themenseiten-03.png?resize=300%2C200&amp;ssl=1 300w, https:\/\/i0.wp.com\/andrea-hadorn.ch\/wp-content\/uploads\/2026\/04\/themenseiten-03.png?w=1417&amp;ssl=1 1417w\" sizes=\"auto, (max-width: 950px) 100vw, 950px\" \/><\/figure><div class=\"wp-block-media-text__content\">\n<h3 class=\"wp-block-heading\">Gute Bedingungen f\u00fcr die Zusammenarbeit<\/h3>\n\n\n\n<p class=\"wp-block-paragraph\"><strong>Klassenlehrpersonen leisten im aktuellen Berufsauftrag unbezahlte Zusammenarbeit im Team und mit Eltern \u2013 Arbeitszeit oder Gratisarbeit? Dar\u00fcber entscheidet die Stimmbev\u00f6lkerung kantonal.<\/strong><\/p>\n\n\n\n<div class=\"wp-block-buttons is-layout-flex wp-block-buttons-is-layout-flex\">\n<div class=\"wp-block-button\"><a class=\"wp-block-button__link wp-element-button\" href=\"https:\/\/andrea-hadorn.ch\/?page_id=603\">Was Lehrpersonen brauchen<\/a><\/div>\n<\/div>\n<\/div><\/div>\n\n\n\n<div style=\"height:26px\" aria-hidden=\"true\" class=\"wp-block-spacer\"><\/div>\n\n\n\n<hr class=\"wp-block-separator has-alpha-channel-opacity\"\/>\n\n\n\n<h2 class=\"wp-block-heading\"><strong>\u00dcber mich<\/strong><\/h2>\n\n\n\n<div class=\"wp-block-media-text is-stacked-on-mobile\" style=\"grid-template-columns:48% auto\"><figure class=\"wp-block-media-text__media\"><img data-recalc-dims=\"1\" loading=\"lazy\" decoding=\"async\" width=\"950\" height=\"760\" src=\"https:\/\/i0.wp.com\/andrea-hadorn.ch\/wp-content\/uploads\/2026\/04\/Beitragsportrait_Startseite.jpg?resize=950%2C760&#038;ssl=1\" alt=\"\" class=\"wp-image-623 size-full\" srcset=\"https:\/\/i0.wp.com\/andrea-hadorn.ch\/wp-content\/uploads\/2026\/04\/Beitragsportrait_Startseite-scaled.jpg?resize=1024%2C819&amp;ssl=1 1024w, https:\/\/i0.wp.com\/andrea-hadorn.ch\/wp-content\/uploads\/2026\/04\/Beitragsportrait_Startseite-scaled.jpg?resize=300%2C240&amp;ssl=1 300w, https:\/\/i0.wp.com\/andrea-hadorn.ch\/wp-content\/uploads\/2026\/04\/Beitragsportrait_Startseite-scaled.jpg?resize=2000%2C1600&amp;ssl=1 2000w, https:\/\/i0.wp.com\/andrea-hadorn.ch\/wp-content\/uploads\/2026\/04\/Beitragsportrait_Startseite-scaled.jpg?w=1900&amp;ssl=1 1900w\" sizes=\"auto, (max-width: 950px) 100vw, 950px\" \/><\/figure><div class=\"wp-block-media-text__content\">\n<p class=\"wp-block-paragraph\">Ich kandidiere f\u00fcr das Schulpr\u00e4sidium in Gossau, weil mir eine gut funktionierende Schule wichtig ist.<\/p>\n\n\n\n<p class=\"wp-block-paragraph\">Seit 16 Jahren engagiere ich mich in der Schulpflege und kenne die Zusammenarbeit mit Schulleitenden, Lehrpersonen, Eltern und Verwaltung aus n\u00e4chster N\u00e4he.<\/p>\n\n\n\n<p class=\"wp-block-paragraph\">Diese Erfahrung bringe ich ein, um Verantwortung zu \u00fcbernehmen und die Schule in Gossau verl\u00e4sslich weiterzuentwickeln.<\/p>\n\n\n\n<div class=\"wp-block-buttons is-layout-flex wp-block-buttons-is-layout-flex\">\n<div class=\"wp-block-button\"><a class=\"wp-block-button__link wp-element-button\" href=\"https:\/\/andrea-hadorn.ch\/?page_id=658\">Wer ich bin<\/a><\/div>\n<\/div>\n<\/div><\/div>\n\n\n\n<p class=\"wp-block-paragraph\"><\/p>\n\n\n\n<hr class=\"wp-block-separator has-alpha-channel-opacity\"\/>\n\n\n\n<p class=\"wp-block-paragraph\"><\/p>\n\n\n\n<p class=\"wp-block-paragraph\"><strong>Diese Kandidatur wird unterst\u00fctzt von:<\/strong><\/p>\n\n\n\n<figure class=\"wp-block-image size-large is-resized\"><a href=\"https:\/\/www.frauenpodiumgossau-zh.ch\"><img data-recalc-dims=\"1\" loading=\"lazy\" decoding=\"async\" width=\"950\" height=\"791\" src=\"https:\/\/i0.wp.com\/andrea-hadorn.ch\/wp-content\/uploads\/2026\/04\/Logo-PFP.png?resize=950%2C791&#038;ssl=1\" alt=\"\" class=\"wp-image-744\" style=\"aspect-ratio:1.200093757324791;width:211px;height:auto\" srcset=\"https:\/\/i0.wp.com\/andrea-hadorn.ch\/wp-content\/uploads\/2026\/04\/Logo-PFP-scaled.png?resize=1024%2C853&amp;ssl=1 1024w, https:\/\/i0.wp.com\/andrea-hadorn.ch\/wp-content\/uploads\/2026\/04\/Logo-PFP-scaled.png?resize=300%2C250&amp;ssl=1 300w, https:\/\/i0.wp.com\/andrea-hadorn.ch\/wp-content\/uploads\/2026\/04\/Logo-PFP-scaled.png?resize=2000%2C1667&amp;ssl=1 2000w, https:\/\/i0.wp.com\/andrea-hadorn.ch\/wp-content\/uploads\/2026\/04\/Logo-PFP-scaled.png?w=1900&amp;ssl=1 1900w\" sizes=\"auto, (max-width: 950px) 100vw, 950px\" \/><\/a><\/figure>\n\n\n\n<figure class=\"wp-block-image size-large is-resized\"><a href=\"https:\/\/sektionen.gruene-zh.ch\/gr\u00fcne-bezirk-hinwil\"><img data-recalc-dims=\"1\" loading=\"lazy\" decoding=\"async\" width=\"950\" height=\"543\" src=\"https:\/\/i0.wp.com\/andrea-hadorn.ch\/wp-content\/uploads\/2026\/04\/Logo_GrueneBezirkHinwil_RGB-2-1.jpg?resize=950%2C543&#038;ssl=1\" alt=\"\" class=\"wp-image-742\" style=\"aspect-ratio:1.749868987673449;width:198px;height:auto\" srcset=\"https:\/\/i0.wp.com\/andrea-hadorn.ch\/wp-content\/uploads\/2026\/04\/Logo_GrueneBezirkHinwil_RGB-2-1-scaled.jpg?resize=1024%2C585&amp;ssl=1 1024w, https:\/\/i0.wp.com\/andrea-hadorn.ch\/wp-content\/uploads\/2026\/04\/Logo_GrueneBezirkHinwil_RGB-2-1-scaled.jpg?resize=300%2C171&amp;ssl=1 300w, https:\/\/i0.wp.com\/andrea-hadorn.ch\/wp-content\/uploads\/2026\/04\/Logo_GrueneBezirkHinwil_RGB-2-1-scaled.jpg?resize=2000%2C1143&amp;ssl=1 2000w, https:\/\/i0.wp.com\/andrea-hadorn.ch\/wp-content\/uploads\/2026\/04\/Logo_GrueneBezirkHinwil_RGB-2-1-scaled.jpg?w=1900&amp;ssl=1 1900w\" sizes=\"auto, (max-width: 950px) 100vw, 950px\" \/><\/a><\/figure>\n","protected":false},"excerpt":{"rendered":"<p>Die Stimmen sind ausgez\u00e4hlt. Ich wurde im zweiten Wahlgang nicht zur Schulpr\u00e4sidentin gew\u00e4hlt. 1221 Stimmen gingen an mich, herzlichen Dank daf\u00fcr!! Der neuen Schulpr\u00e4sidentin habe ich bereits telefonisch gratuliert. Mir bleibt der Einsatz f\u00fcr die Strategien der Schule als Expertin in zahlreichen, die Schule betreffenden Themen wichtig. Die Schulpflege und Gemeinde kann auf mich z\u00e4hlen. &hellip; <\/p>\n<p class=\"link-more\"><a href=\"https:\/\/andrea-hadorn.ch\/\" class=\"more-link\">Mehr <span class=\"screen-reader-text\">\u00fcber &#8222;&#8220; <\/span>Lesen<\/a><\/p>\n","protected":false},"author":1,"featured_media":0,"parent":0,"menu_order":0,"comment_status":"closed","ping_status":"closed","template":"","meta":{"inspiro_hide_title":false,"footnotes":""},"class_list":["post-559","page","type-page","status-publish","hentry"],"jetpack-related-posts":[{"id":562,"url":"https:\/\/andrea-hadorn.ch\/?page_id=562","url_meta":{"origin":559,"position":0},"title":"Gesunde Lernumgebung","author":"admin","date":"April 2, 2026","format":false,"excerpt":"Kinder sollen in der Schule gut lernen k\u00f6nnen. Dazu geh\u00f6rt nicht nur guter Unterricht, sondern auch eine Umgebung, in der sie sich wohlf\u00fchlen und gesund bleiben. Eine gesunde Schule ist die Grundlage f\u00fcr erfolgreiches Lernen. Warum das wichtig ist Wenn viele Kinder oder Lehrpersonen krank sind, hat das direkte Folgen:\u2013\u2026","rel":"","context":"\u00c4hnlicher Beitrag","block_context":{"text":"\u00c4hnlicher Beitrag","link":""},"img":{"alt_text":"","src":"","width":0,"height":0},"classes":[]},{"id":600,"url":"https:\/\/andrea-hadorn.ch\/?page_id=600","url_meta":{"origin":559,"position":1},"title":"Verl\u00e4ssliche Schule","author":"admin","date":"April 2, 2026","format":false,"excerpt":"Schule ist ein zentraler Teil des Familienalltags. Eltern m\u00fcssen sich darauf verlassen k\u00f6nnen, dass Betreuung, Unterricht und Abl\u00e4ufe funktionieren. Verl\u00e4sslichkeit schafft Vertrauen \u2013 und entlastet Familien im Alltag. Warum das wichtig ist Wenn Strukturen nicht zuverl\u00e4ssig sind, hat das direkte Auswirkungen:\u2013 Eltern m\u00fcssen kurzfristig umplanen\u2013 Kinder erleben Unsicherheit\u2013 der Alltag\u2026","rel":"","context":"\u00c4hnlicher Beitrag","block_context":{"text":"\u00c4hnlicher Beitrag","link":""},"img":{"alt_text":"","src":"","width":0,"height":0},"classes":[]},{"id":658,"url":"https:\/\/andrea-hadorn.ch\/?page_id=658","url_meta":{"origin":559,"position":2},"title":"\u00dcber mich","author":"admin","date":"April 3, 2026","format":false,"excerpt":"F\u00fcr gesunde und verl\u00e4ssliche Schulen Ich kandidiere f\u00fcr das Schulpr\u00e4sidium in Gossau, weil ich die Schule seit vielen Jahren aus n\u00e4chster N\u00e4he kenne und aktiv mitgestalte. Seit 16 Jahren engagiere ich mich als Schulpflegerin und arbeite eng mit Schulleitenden, Lehrpersonen, Eltern und Verwaltung zusammen. Ich kenne die Herausforderungen im Schulalltag\u2026","rel":"","context":"\u00c4hnlicher Beitrag","block_context":{"text":"\u00c4hnlicher Beitrag","link":""},"img":{"alt_text":"","src":"https:\/\/i0.wp.com\/andrea-hadorn.ch\/wp-content\/uploads\/2026\/04\/Beitragsportrait_Startseite-scaled.jpg?resize=350%2C200&ssl=1","width":350,"height":200,"srcset":"https:\/\/i0.wp.com\/andrea-hadorn.ch\/wp-content\/uploads\/2026\/04\/Beitragsportrait_Startseite-scaled.jpg?resize=350%2C200&ssl=1 1x, https:\/\/i0.wp.com\/andrea-hadorn.ch\/wp-content\/uploads\/2026\/04\/Beitragsportrait_Startseite-scaled.jpg?resize=525%2C300&ssl=1 1.5x, https:\/\/i0.wp.com\/andrea-hadorn.ch\/wp-content\/uploads\/2026\/04\/Beitragsportrait_Startseite-scaled.jpg?resize=700%2C400&ssl=1 2x, https:\/\/i0.wp.com\/andrea-hadorn.ch\/wp-content\/uploads\/2026\/04\/Beitragsportrait_Startseite-scaled.jpg?resize=1050%2C600&ssl=1 3x, https:\/\/i0.wp.com\/andrea-hadorn.ch\/wp-content\/uploads\/2026\/04\/Beitragsportrait_Startseite-scaled.jpg?resize=1400%2C800&ssl=1 4x"},"classes":[]},{"id":603,"url":"https:\/\/andrea-hadorn.ch\/?page_id=603","url_meta":{"origin":559,"position":3},"title":"Gute Bedingungen f\u00fcr Lehrpersonen","author":"admin","date":"April 2, 2026","format":false,"excerpt":"Gute Schulen brauchen engagierte Lehrpersonen. Sie leisten t\u00e4glich viel \u2013 im Unterricht, in der Zusammenarbeit und in der Begleitung der Kinder. Damit sie diese Aufgabe gut erf\u00fcllen k\u00f6nnen, brauchen sie passende Rahmenbedingungen. Warum das wichtig ist Wenn Lehrpersonen \u00fcberlastet sind, hat das direkte Folgen:\u2013 weniger Zeit f\u00fcr die einzelnen Kinder\u2013\u2026","rel":"","context":"\u00c4hnlicher Beitrag","block_context":{"text":"\u00c4hnlicher Beitrag","link":""},"img":{"alt_text":"","src":"","width":0,"height":0},"classes":[]}],"jetpack_sharing_enabled":true,"_links":{"self":[{"href":"https:\/\/andrea-hadorn.ch\/index.php?rest_route=\/wp\/v2\/pages\/559","targetHints":{"allow":["GET"]}}],"collection":[{"href":"https:\/\/andrea-hadorn.ch\/index.php?rest_route=\/wp\/v2\/pages"}],"about":[{"href":"https:\/\/andrea-hadorn.ch\/index.php?rest_route=\/wp\/v2\/types\/page"}],"author":[{"embeddable":true,"href":"https:\/\/andrea-hadorn.ch\/index.php?rest_route=\/wp\/v2\/users\/1"}],"replies":[{"embeddable":true,"href":"https:\/\/andrea-hadorn.ch\/index.php?rest_route=%2Fwp%2Fv2%2Fcomments&post=559"}],"version-history":[{"count":45,"href":"https:\/\/andrea-hadorn.ch\/index.php?rest_route=\/wp\/v2\/pages\/559\/revisions"}],"predecessor-version":[{"id":769,"href":"https:\/\/andrea-hadorn.ch\/index.php?rest_route=\/wp\/v2\/pages\/559\/revisions\/769"}],"wp:attachment":[{"href":"https:\/\/andrea-hadorn.ch\/index.php?rest_route=%2Fwp%2Fv2%2Fmedia&parent=559"}],"curies":[{"name":"wp","href":"https:\/\/api.w.org\/{rel}","templated":true}]}}